{"id":16,"date":"2016-06-17T11:30:31","date_gmt":"2016-06-17T10:30:31","guid":{"rendered":"https:\/\/chefsdoeuvrecom.wordpress.com\/?page_id=16"},"modified":"2016-06-17T11:30:31","modified_gmt":"2016-06-17T10:30:31","slug":"fauteuil-pour-le-cabinet-detude-du-duc-de-normandie-a-versailles-1785-par-georges-jacob","status":"publish","type":"page","link":"https:\/\/chefs-doeuvre.com\/?page_id=16","title":{"rendered":"Fauteuil pour le cabinet d&#8217;\u00e9tude du duc de normandie \u00e0 Versailles 1785, par Georges Jacob"},"content":{"rendered":"<p><img decoding=\"async\" loading=\"lazy\" class=\"alignnone size-full wp-image-40\" src=\"http:\/\/chefs-doeuvre.com\/wp-content\/uploads\/2016\/06\/p1050311.jpg\" alt=\"P1050311\" width=\"2304\" height=\"3072\" srcset=\"https:\/\/chefs-doeuvre.com\/wp-content\/uploads\/2016\/06\/p1050311.jpg 2304w, https:\/\/chefs-doeuvre.com\/wp-content\/uploads\/2016\/06\/p1050311-225x300.jpg 225w, https:\/\/chefs-doeuvre.com\/wp-content\/uploads\/2016\/06\/p1050311-768x1024.jpg 768w\" sizes=\"(max-width: 767px) 89vw, (max-width: 1000px) 54vw, (max-width: 1071px) 543px, 580px\" \/>FAUTEUILS POUR LE CABINET D\u2019ETUDE<\/p>\n<p>DU DUC DE NORMANDIE A VERSAILLES<\/p>\n<p>PAR GEORGES JACOB, 1785<\/p>\n<p>&nbsp;<\/p>\n<p>&nbsp;<\/p>\n<p>La naissance de l\u2019enfant royal causa la mobilisation du Garde &#8211; Meuble de la Couronne<\/p>\n<p>L\u2019ordre n\u00b0 86 en date du 16 mars 1786, indique \u00e0 Chatard peintre et doreur du Garde- Meuble qu&#8217;il faudra presser cet ordre<\/p>\n<p>L\u2019effervescence \u00e9tait \u00e0 son comble, Jean Haur\u00e9 directeur des travaux de menuiserie, chargea<\/p>\n<p>Jean-Baptiste Boulard, de l\u2019ex\u00e9cution de plusieurs si\u00e8ges et lits, pour l\u2019appartement du prince.<\/p>\n<p>Un berceau, deux bois de fauteuils, plusieurs chaises et, ch\u00e2ssis de paravents, trois bois d\u2019\u00e9crans deux lits \u00e0 colonnes.<\/p>\n<p>Un autre mobilier avait pr\u00e9c\u00e9d\u00e9 ce dernier, pour la naissance du duc de Normandie, le 22 mars<\/p>\n<p>1785, Boulard avait d\u00e9j\u00e0 livr\u00e9 pour la chambre de la Reine, un meuble compos\u00e9 de deux berg\u00e8res<\/p>\n<p>et six fauteuils moulur\u00e9s, sculpt\u00e9s de feuilles d\u2019acanthe.<\/p>\n<p>Un autre meuble cr\u00e9e peu avant l\u2019ordre n\u00b0 86, pass\u00e9 plus inaper\u00e7u refait surface a ce jour.<\/p>\n<p>Un meuble de damas vert qui n\u2019apparait pas dans les papiers officiels du Garde-Meuble, mais<\/p>\n<p>parfaitement d\u00e9crit dans les diff\u00e9rents inventaires, du ch\u00e2teau \u00e0 partir de 1787 et 1788\u00a0.<\/p>\n<p>Une commande pass\u00e9e probablement par le Garde-Meuble de la Reine, malheureusement cet<\/p>\n<p>inventaire \u00e0 disparu en 1792.<\/p>\n<p>Concernant ses deux fauteuils du n\u00b0 4534, l\u2019auteur en est Georges Jacob, l\u2019inventaire des meubles<\/p>\n<p>du ch\u00e2teau de Versailles et dehors en 1788, indique avec exactitude les si\u00e8ges plac\u00e9s dans le cabinet<\/p>\n<p>d\u2019\u00e9tude du Duc de Normandie, situ\u00e9 au rez de chauss\u00e9e de l\u2019aile des princes, dit aussi aile du midi.<\/p>\n<p>SA DESCRIPTION\u00a0:<\/p>\n<p>Un meuble de damas vert bois sculpt\u00e9s \u00e0 moulures<\/p>\n<p>et cannelures unies peints en blanc clou\u00e9s de clous dor\u00e9s<\/p>\n<p>2 berg\u00e8res<\/p>\n<p>8 fauteuils\u00a0\u00a0\u00a0\u00a0 ( a carreaux )<\/p>\n<p>12 chaises<\/p>\n<p>Il n\u2019est pas inscrit que les si\u00e8ges sont de forme carr\u00e9.<\/p>\n<p>Ses mod\u00e8les de fauteuils sont similaires au mobilier livr\u00e9 par Jacob pour la chambre<\/p>\n<p>de la Reine au Trianon, dit mobilier aux treillage des fauteuils particuli\u00e8rement<\/p>\n<p>somptueux par leur sculpture.<\/p>\n<p>Georges Jacob par la hardiesse de ses cr\u00e9ations lui m\u00e9rita la faveur de la Reine<\/p>\n<p>qui aimait les nouveaut\u00e9s singuli\u00e8res, Jacob ex\u00e9cutera pour elle, une quantit\u00e9 d\u2019ouvrages<\/p>\n<p>dans le gout all\u00e9gorique du temps.<\/p>\n<p>Pour le meuble du prince, il est probable que Marie \u2013 Antoinette ai voulu ce mod\u00e8le de<\/p>\n<p>forme nouvelle aussi pour son fils, assist\u00e9 de Charles Bonnefoy du Plan son garde meuble<\/p>\n<p>qui g\u00e9rait le mobilier de la Reine, dans ses diff\u00e9rents appartements et, qui transmettait ses<\/p>\n<p>ordres.<\/p>\n<p>Sur l\u2019inventaire de 1785, le garde meuble Guillard note que les si\u00e8ges sont aux magasins.<\/p>\n<p>En 1787 il est inscrit que le meuble est neuf en 1786.<\/p>\n<p>Le damas vert de ses deux si\u00e8ges, semble identique aux fauteuils du premier Dauphin<\/p>\n<p>qui re\u00e7u \u00e9galement un damas ray\u00e9 vert et blanc, ex\u00e9cut\u00e9 par Jean-Baptiste Boulard<\/p>\n<p>ordre n\u00b0 74 du 14 mars 1787, le journal du Garde-Meuble pr\u00e9cise\u00a0( pour le service<\/p>\n<p>de monseigneur le dauphin \u00e0 versailles ) de la satinade ray\u00e9 vert et blanc.<\/p>\n<p>Ses deux fauteuils pr\u00e9sentent un \u00e9tat de conservation remarquable, la tapisserie<\/p>\n<p>ray\u00e9 de vert et de blanc est parfaite, les clous sont quasiment tous encore en place<\/p>\n<p>probablement couvert par Claude \u2013 Fran\u00e7ois Capin, et peint par Louis Chatard tous<\/p>\n<p>deux attach\u00e9s au service du Garde-Meuble.<\/p>\n<p>A la mort du premier dauphin survenue le 4 juin 1789, le Duc de Normandie et sa<\/p>\n<p>s\u0153ur Madame Royale quitteront l\u2019aile des princes, et seront log\u00e9s dans les anciens<\/p>\n<p>appartements des Dauphins, pour peu de temps, Louis XVI et Marie \u2013 Antoinette<\/p>\n<p>contraints de quitter Versailles pour le palais des Tuileries.<\/p>\n<p>Les fauteuils sont- ils rest\u00e9s dans le cabinet d\u2019\u00e9tude du prince, ou alors<\/p>\n<p>replac\u00e9s dans les magasins du Garde &#8211; Meuble\u00a0? , ce qui est sure ils ont<\/p>\n<p>bien \u00e9t\u00e9 vendu par la Convention, dans les ventes du mobilier du Ch\u00e2teau de Versailles<\/p>\n<p>en 1793<\/p>\n<p>Ses fauteuils d\u00e9montrent toute la ma\u00eetrise de Georges Jacob, consid\u00e9r\u00e9<\/p>\n<p>au d\u00e9but des ann\u00e9es 1780, comme le pr\u00e9curseur du style Louis XVI.<\/p>\n<p>Les cannelures sur les colonnes qui entourent les dossiers, ainsi que sur<\/p>\n<p>leurs pieds fusel\u00e9s, les balustres \u00e9galement cannel\u00e9s qui supportent les<\/p>\n<p>accotoirs d\u00e9montre un parfait exemple d\u2019\u00e9quilibre et de perfection, et<\/p>\n<p>repr\u00e9sente de fa\u00e7on exemplaire le style Louis XVI, arriv\u00e9 \u00e0 son apog\u00e9e<\/p>\n<p>&nbsp;<\/p>\n<p>Archives nationales\u00a0:<\/p>\n<p>Inventaires g\u00e9n\u00e9rale des meubles du ch\u00e2teau et dehors de Versailles<\/p>\n<p>01\u00a0\/34\/63 1788<\/p>\n<p>01\u00a0\/34\/61 1785<\/p>\n<p>01\/34\/69 1786 &#8211; 1787<\/p>\n<p>&nbsp;<\/p>\n<p>Fr\u00e9d\u00e9ric Happel<\/p>\n<p>&nbsp;<\/p>\n<p>&nbsp;<\/p>\n<p>&nbsp;<\/p>\n<p>&nbsp;<\/p>\n<p>&nbsp;<\/p>\n<p>&nbsp;<\/p>\n<p>&nbsp;<\/p>\n<p>&nbsp;<\/p>\n<p>&nbsp;<\/p>\n<p>&nbsp;<\/p>\n<p>&nbsp;<\/p>\n<p>&nbsp;<\/p>\n<p>&nbsp;<\/p>\n<p>&nbsp;<\/p>\n<p>&nbsp;<\/p>\n","protected":false},"excerpt":{"rendered":"<p>FAUTEUILS POUR LE CABINET D\u2019ETUDE DU DUC DE NORMANDIE A VERSAILLES PAR GEORGES JACOB, 1785 &nbsp; &nbsp; La naissance de l\u2019enfant royal causa la mobilisation du Garde &#8211; Meuble de la Couronne L\u2019ordre n\u00b0 86 en date du 16 mars 1786, indique \u00e0 Chatard peintre et doreur du Garde- Meuble qu&#8217;il faudra presser cet ordre &hellip; <\/p>\n<p class=\"link-more\"><a href=\"https:\/\/chefs-doeuvre.com\/?page_id=16\" class=\"more-link\">Continue reading<span class=\"screen-reader-text\"> &#8220;Fauteuil pour le cabinet d&#8217;\u00e9tude du duc de normandie \u00e0 Versailles 1785, par Georges Jacob&#8221;<\/span><\/a><\/p>\n","protected":false},"author":2,"featured_media":41,"parent":5,"menu_order":0,"comment_status":"open","ping_status":"open","template":"","meta":[],"_links":{"self":[{"href":"https:\/\/chefs-doeuvre.com\/index.php?rest_route=\/wp\/v2\/pages\/16"}],"collection":[{"href":"https:\/\/chefs-doeuvre.com\/index.php?rest_route=\/wp\/v2\/pages"}],"about":[{"href":"https:\/\/chefs-doeuvre.com\/index.php?rest_route=\/wp\/v2\/types\/page"}],"author":[{"embeddable":true,"href":"https:\/\/chefs-doeuvre.com\/index.php?rest_route=\/wp\/v2\/users\/2"}],"replies":[{"embeddable":true,"href":"https:\/\/chefs-doeuvre.com\/index.php?rest_route=%2Fwp%2Fv2%2Fcomments&post=16"}],"version-history":[{"count":0,"href":"https:\/\/chefs-doeuvre.com\/index.php?rest_route=\/wp\/v2\/pages\/16\/revisions"}],"up":[{"embeddable":true,"href":"https:\/\/chefs-doeuvre.com\/index.php?rest_route=\/wp\/v2\/pages\/5"}],"wp:featuredmedia":[{"embeddable":true,"href":"https:\/\/chefs-doeuvre.com\/index.php?rest_route=\/wp\/v2\/media\/41"}],"wp:attachment":[{"href":"https:\/\/chefs-doeuvre.com\/index.php?rest_route=%2Fwp%2Fv2%2Fmedia&parent=16"}],"curies":[{"name":"wp","href":"https:\/\/api.w.org\/{rel}","templated":true}]}}